{"id":1798,"date":"2023-04-14T15:21:04","date_gmt":"2023-04-14T13:21:04","guid":{"rendered":"https:\/\/giriczvera.hu\/?page_id=1798"},"modified":"2023-09-18T23:07:14","modified_gmt":"2023-09-18T21:07:14","slug":"kep","status":"publish","type":"page","link":"https:\/\/giriczvera.hu\/ru\/kep\/","title":{"rendered":"Ger\u00e9nyi rotunda"},"content":{"rendered":"<div data-elementor-type=\"wp-page\" data-elementor-id=\"1798\" class=\"elementor elementor-1798\" data-elementor-post-type=\"page\">\n\t\t\t\t\t\t<section class=\"elementor-section elementor-top-section elementor-element elementor-element-a13fc02 elementor-section-boxed elementor-section-height-default elementor-section-height-default\" data-id=\"a13fc02\" data-element_type=\"section\">\n\t\t\t\t\t\t<div class=\"elementor-container elementor-column-gap-default\">\n\t\t\t\t\t<div class=\"elementor-column elementor-col-100 elementor-top-column elementor-element elementor-element-00593f4\" data-id=\"00593f4\" data-element_type=\"column\">\n\t\t\t<div class=\"elementor-widget-wrap elementor-element-populated\">\n\t\t\t\t\t\t<div class=\"elementor-element elementor-element-1c51362 elementor-widget elementor-widget-image\" data-id=\"1c51362\" data-element_type=\"widget\" data-widget_type=\"image.default\">\n\t\t\t\t<div class=\"elementor-widget-container\">\n\t\t\t\t\t\t\t\t\t\t\t\t\t\t\t<img fetchpriority=\"high\" decoding=\"async\" width=\"768\" height=\"542\" src=\"https:\/\/giriczvera.hu\/wp-content\/uploads\/2023\/04\/rot_2_lic-768x542.png\" class=\"attachment-medium_large size-medium_large wp-image-1800\" alt=\"\" srcset=\"https:\/\/giriczvera.hu\/wp-content\/uploads\/2023\/04\/rot_2_lic-768x542.png 768w, https:\/\/giriczvera.hu\/wp-content\/uploads\/2023\/04\/rot_2_lic-300x212.png 300w, https:\/\/giriczvera.hu\/wp-content\/uploads\/2023\/04\/rot_2_lic-1024x722.png 1024w, https:\/\/giriczvera.hu\/wp-content\/uploads\/2023\/04\/rot_2_lic.png 1052w\" sizes=\"(max-width: 768px) 100vw, 768px\" \/>\t\t\t\t\t\t\t\t\t\t\t\t\t\t\t<\/div>\n\t\t\t\t<\/div>\n\t\t\t\t\t<\/div>\n\t\t<\/div>\n\t\t\t\t\t<\/div>\n\t\t<\/section>\n\t\t\t\t<section class=\"elementor-section elementor-top-section elementor-element elementor-element-1a1d818 elementor-section-boxed elementor-section-height-default elementor-section-height-default\" data-id=\"1a1d818\" data-element_type=\"section\">\n\t\t\t\t\t\t<div class=\"elementor-container elementor-column-gap-default\">\n\t\t\t\t\t<div class=\"elementor-column elementor-col-100 elementor-top-column elementor-element elementor-element-329eec8\" data-id=\"329eec8\" data-element_type=\"column\">\n\t\t\t<div class=\"elementor-widget-wrap elementor-element-populated\">\n\t\t\t\t\t\t<div class=\"elementor-element elementor-element-65e8b21 elementor-widget elementor-widget-text-editor\" data-id=\"65e8b21\" data-element_type=\"widget\" data-widget_type=\"text-editor.default\">\n\t\t\t\t<div class=\"elementor-widget-container\">\n\t\t\t\t\t\t\t\t\t<p>\u0413\u043e\u0440\u044f\u043d\u0441\u044c\u043a\u0430 \u0446\u0435\u0440\u043a\u0432\u0430-\u0440\u043e\u0442\u0443\u043d\u0434\u0430<\/p><p>\u0423\u0436\u0433\u043e\u0440\u043e\u0434\n\u0413\u043e\u0440\u044f\u043d\u0438- \u0441\u0435\u043b\u043e \u043d\u0430 \u043e\u043a\u043e\u043b\u0438\u0446\u0457 \u0423\u0436\u0433\u043e\u0440\u043e\u0434\u0430. \u041f\u0435\u0440\u0432\u044b\u0439 \u0440\u0430\u0437 1332-\u0430 \u0440\u043e\u043a\u0430  \u0437\u0433\u0430\u0434\u0443\u0432\u0443\u0442\u044c \u0437\u0430 \u043d\u044e \u0433\u0438 Gheren. \u0412\u0456\u0440\u043e\u0438\u043c\u043d\u043e \u043a\u0440\u0443\u0433\u043b\u0443 \u0446\u0435\u0440\u043a\u0432\u0443 \u043f\u043e\u0431\u0443\u0434\u043e\u0432\u0430\u043b\u0438 \u0443 \u043a\u0443\u043d\u0446\u0438 \u0425\u0406\u0406. \u043d\u0430 \u0437\u0430\u0447\u0430\u0442\u043a\u043e\u0432\u0438 \u0425\u0406\u0406\u0406. \u0441\u0442\u043e\u0440\u043e\u0447\u0447\u044f, \u0430\u0440\u0445\u0456\u0442\u0435\u043a\u0442\u0443\u0440\u0430 \u0431\u043b\u0438\u0437\u044c\u043a\u0430 \u043a\u0443 \u0432\u0456\u0437\u0430\u043d\u0442\u0456\u0439\u0441\u044c\u043a\u0443\u0439. \u0423 \u0425V-\u043c \u0441\u0442\u043e\u0440\u043e\u0447\u0447\u044e \u0446\u0435\u0440\u043a\u043e\u0432\u043b\u044e \u0440\u043e\u0437\u0448\u0438\u0440\u0438\u043b\u0438 \u0443 \u0491\u043e\u0442\u0438\u0447\u043d\u0443\u043c \u0441\u0442\u0438\u043b\u0457. \u0423 \u043a\u043e\u043d\u0446\u0438 \u0425\u0406\u0425-\u0433\u043e \u0441\u0442\u043e\u0440\u043e\u0447\u0447\u044f \u0443 \u0440\u043e\u0442\u0443\u043d\u0434\u0457 \u043d\u0430\u0439\u0448\u043b\u0438 \u0434\u0443\u0436\u0435 \u0446\u0456\u043d\u0457 \u0441\u0435\u0440\u0435\u0434\u043d\u0451\u0432\u0456\u0447\u043d\u0457 \u0444\u0440\u0435\u0441\u043a\u044b. \u0423 \u043d\u0430\u0448\u0456 \u0434\u043d\u0438 \u0437\u043d\u0430\u043c\u0430 \u0433\u0438 \u041f\u043e\u043a\u0440\u043e\u0432\u0430 \u041f\u0440\u0435\u0441\u044f\u0442\u043e\u0457 \u0411\u043e\u0433\u043e\u0440\u043e\u0434\u0438\u0446\u0457 \u0491\u0440\u0435\u043a\u043e\u043a\u0430\u0442\u043e\u043b\u0438\u0446\u044c\u043a\u0430 \u0446\u0435\u0440\u043a\u043e\u0432\u043b\u044f.<\/p>\t\t\t\t\t\t\t\t<\/div>\n\t\t\t\t<\/div>\n\t\t\t\t\t<\/div>\n\t\t<\/div>\n\t\t\t\t\t<\/div>\n\t\t<\/section>\n\t\t\t\t<\/div>","protected":false},"excerpt":{"rendered":"<p>A Ger\u00e9nyi rotunda Ger\u00e9ny Ungv\u00e1r peremter\u00fclet\u00e9n tal\u00e1lhat\u00f3 telep\u00fcl\u00e9s. 1332-ben\u00a0Gheren\u00a0n\u00e9ven eml\u00edtik el\u0151sz\u00f6r. Felt\u00e9telezhet\u0151, hogy a k\u00f6rtemplom XII. sz\u00e1zad v\u00e9g\u00e9n, esetleg a XIII. sz\u00e1zad elej\u00e9n \u00e9p\u00fclt, elrendez\u00e9se biz\u00e1nci hat\u00e1st mutat.\u00a0 A XV. sz\u00e1zadban g\u00f3tikus st\u00edlusban b\u0151v\u00edtett\u00e9k.\u00a0A XIX. sz\u00e1zad v\u00e9g\u00e9n a rotund\u00e1ban rendk\u00edv\u00fcl gazdag k\u00f6z\u00e9pkori falk\u00e9p egy\u00fcttest tal\u00e1ltak. Jelenleg a Boldogs\u00e1gos Szent Sz\u0171z oltalm\u00e1ra felszentelt g\u00f6r\u00f6gkatolikus templomk\u00e9nt tartj\u00e1k [&hellip;]<\/p>","protected":false},"author":1,"featured_media":0,"parent":0,"menu_order":0,"comment_status":"closed","ping_status":"closed","template":"","meta":{"footnotes":""},"class_list":["post-1798","page","type-page","status-publish","hentry"],"yoast_head":"<!-- This site is optimized with the Yoast SEO plugin v25.8 - https:\/\/yoast.com\/wordpress\/plugins\/seo\/ -->\n<title>Ger\u00e9nyi rotunda - GIRICZ VERA<\/title>\n<meta name=\"robots\" content=\"index, follow, max-snippet:-1, max-image-preview:large, max-video-preview:-1\" \/>\n<link rel=\"canonical\" href=\"https:\/\/giriczvera.hu\/ru\/kep\/\" \/>\n<meta property=\"og:locale\" content=\"ru_RU\" \/>\n<meta property=\"og:type\" content=\"article\" \/>\n<meta property=\"og:title\" content=\"Ger\u00e9nyi rotunda - GIRICZ VERA\" \/>\n<meta property=\"og:description\" content=\"A Ger\u00e9nyi rotunda Ger\u00e9ny Ungv\u00e1r peremter\u00fclet\u00e9n tal\u00e1lhat\u00f3 telep\u00fcl\u00e9s. 1332-ben\u00a0Gheren\u00a0n\u00e9ven eml\u00edtik el\u0151sz\u00f6r. Felt\u00e9telezhet\u0151, hogy a k\u00f6rtemplom XII. sz\u00e1zad v\u00e9g\u00e9n, esetleg a XIII. sz\u00e1zad elej\u00e9n \u00e9p\u00fclt, elrendez\u00e9se biz\u00e1nci hat\u00e1st mutat.\u00a0 A XV. sz\u00e1zadban g\u00f3tikus st\u00edlusban b\u0151v\u00edtett\u00e9k.\u00a0A XIX. sz\u00e1zad v\u00e9g\u00e9n a rotund\u00e1ban rendk\u00edv\u00fcl gazdag k\u00f6z\u00e9pkori falk\u00e9p egy\u00fcttest tal\u00e1ltak. Jelenleg a Boldogs\u00e1gos Szent Sz\u0171z oltalm\u00e1ra felszentelt g\u00f6r\u00f6gkatolikus templomk\u00e9nt tartj\u00e1k [&hellip;]\" \/>\n<meta property=\"og:url\" content=\"https:\/\/giriczvera.hu\/ru\/kep\/\" \/>\n<meta property=\"og:site_name\" content=\"GIRICZ VERA\" \/>\n<meta property=\"article:modified_time\" content=\"2023-09-18T21:07:14+00:00\" \/>\n<meta property=\"og:image\" content=\"https:\/\/giriczvera.hu\/wp-content\/uploads\/2023\/04\/rot_2_lic-768x542.png\" \/>\n<meta name=\"twitter:card\" content=\"summary_large_image\" \/>\n<meta name=\"twitter:label1\" content=\"\u041f\u0440\u0438\u043c\u0435\u0440\u043d\u043e\u0435 \u0432\u0440\u0435\u043c\u044f \u0434\u043b\u044f \u0447\u0442\u0435\u043d\u0438\u044f\" \/>\n\t<meta name=\"twitter:data1\" content=\"1 \u043c\u0438\u043d\u0443\u0442\u0430\" \/>\n<script type=\"application\/ld+json\" class=\"yoast-schema-graph\">{\"@context\":\"https:\/\/schema.org\",\"@graph\":[{\"@type\":\"WebPage\",\"@id\":\"https:\/\/giriczvera.hu\/kep\/\",\"url\":\"https:\/\/giriczvera.hu\/kep\/\",\"name\":\"Ger\u00e9nyi rotunda - GIRICZ VERA\",\"isPartOf\":{\"@id\":\"https:\/\/giriczvera.hu\/#website\"},\"primaryImageOfPage\":{\"@id\":\"https:\/\/giriczvera.hu\/kep\/#primaryimage\"},\"image\":{\"@id\":\"https:\/\/giriczvera.hu\/kep\/#primaryimage\"},\"thumbnailUrl\":\"https:\/\/giriczvera.hu\/wp-content\/uploads\/2023\/04\/rot_2_lic-768x542.png\",\"datePublished\":\"2023-04-14T13:21:04+00:00\",\"dateModified\":\"2023-09-18T21:07:14+00:00\",\"breadcrumb\":{\"@id\":\"https:\/\/giriczvera.hu\/kep\/#breadcrumb\"},\"inLanguage\":\"ru-RU\",\"potentialAction\":[{\"@type\":\"ReadAction\",\"target\":[\"https:\/\/giriczvera.hu\/kep\/\"]}]},{\"@type\":\"ImageObject\",\"inLanguage\":\"ru-RU\",\"@id\":\"https:\/\/giriczvera.hu\/kep\/#primaryimage\",\"url\":\"https:\/\/giriczvera.hu\/wp-content\/uploads\/2023\/04\/rot_2_lic-768x542.png\",\"contentUrl\":\"https:\/\/giriczvera.hu\/wp-content\/uploads\/2023\/04\/rot_2_lic-768x542.png\"},{\"@type\":\"BreadcrumbList\",\"@id\":\"https:\/\/giriczvera.hu\/kep\/#breadcrumb\",\"itemListElement\":[{\"@type\":\"ListItem\",\"position\":1,\"name\":\"Kezd\u0151lap\",\"item\":\"https:\/\/giriczvera.hu\/\"},{\"@type\":\"ListItem\",\"position\":2,\"name\":\"Ger\u00e9nyi rotunda\"}]},{\"@type\":\"WebSite\",\"@id\":\"https:\/\/giriczvera.hu\/#website\",\"url\":\"https:\/\/giriczvera.hu\/\",\"name\":\"GIRICZ VERA\",\"description\":\"ruszin nemzetis\u00e9gi sz\u00f3sz\u00f3l\u00f3\",\"potentialAction\":[{\"@type\":\"SearchAction\",\"target\":{\"@type\":\"EntryPoint\",\"urlTemplate\":\"https:\/\/giriczvera.hu\/?s={search_term_string}\"},\"query-input\":{\"@type\":\"PropertyValueSpecification\",\"valueRequired\":true,\"valueName\":\"search_term_string\"}}],\"inLanguage\":\"ru-RU\"}]}<\/script>\n<!-- \/ Yoast SEO plugin. -->","yoast_head_json":{"title":"Ger\u00e9nyi rotunda - GIRICZ VERA","robots":{"index":"index","follow":"follow","max-snippet":"max-snippet:-1","max-image-preview":"max-image-preview:large","max-video-preview":"max-video-preview:-1"},"canonical":"https:\/\/giriczvera.hu\/ru\/kep\/","og_locale":"ru_RU","og_type":"article","og_title":"Ger\u00e9nyi rotunda - GIRICZ VERA","og_description":"A Ger\u00e9nyi rotunda Ger\u00e9ny Ungv\u00e1r peremter\u00fclet\u00e9n tal\u00e1lhat\u00f3 telep\u00fcl\u00e9s. 1332-ben\u00a0Gheren\u00a0n\u00e9ven eml\u00edtik el\u0151sz\u00f6r. Felt\u00e9telezhet\u0151, hogy a k\u00f6rtemplom XII. sz\u00e1zad v\u00e9g\u00e9n, esetleg a XIII. sz\u00e1zad elej\u00e9n \u00e9p\u00fclt, elrendez\u00e9se biz\u00e1nci hat\u00e1st mutat.\u00a0 A XV. sz\u00e1zadban g\u00f3tikus st\u00edlusban b\u0151v\u00edtett\u00e9k.\u00a0A XIX. sz\u00e1zad v\u00e9g\u00e9n a rotund\u00e1ban rendk\u00edv\u00fcl gazdag k\u00f6z\u00e9pkori falk\u00e9p egy\u00fcttest tal\u00e1ltak. Jelenleg a Boldogs\u00e1gos Szent Sz\u0171z oltalm\u00e1ra felszentelt g\u00f6r\u00f6gkatolikus templomk\u00e9nt tartj\u00e1k [&hellip;]","og_url":"https:\/\/giriczvera.hu\/ru\/kep\/","og_site_name":"GIRICZ VERA","article_modified_time":"2023-09-18T21:07:14+00:00","og_image":[{"url":"https:\/\/giriczvera.hu\/wp-content\/uploads\/2023\/04\/rot_2_lic-768x542.png","type":"","width":"","height":""}],"twitter_card":"summary_large_image","twitter_misc":{"\u041f\u0440\u0438\u043c\u0435\u0440\u043d\u043e\u0435 \u0432\u0440\u0435\u043c\u044f \u0434\u043b\u044f \u0447\u0442\u0435\u043d\u0438\u044f":"1 \u043c\u0438\u043d\u0443\u0442\u0430"},"schema":{"@context":"https:\/\/schema.org","@graph":[{"@type":"WebPage","@id":"https:\/\/giriczvera.hu\/kep\/","url":"https:\/\/giriczvera.hu\/kep\/","name":"Ger\u00e9nyi rotunda - GIRICZ VERA","isPartOf":{"@id":"https:\/\/giriczvera.hu\/#website"},"primaryImageOfPage":{"@id":"https:\/\/giriczvera.hu\/kep\/#primaryimage"},"image":{"@id":"https:\/\/giriczvera.hu\/kep\/#primaryimage"},"thumbnailUrl":"https:\/\/giriczvera.hu\/wp-content\/uploads\/2023\/04\/rot_2_lic-768x542.png","datePublished":"2023-04-14T13:21:04+00:00","dateModified":"2023-09-18T21:07:14+00:00","breadcrumb":{"@id":"https:\/\/giriczvera.hu\/kep\/#breadcrumb"},"inLanguage":"ru-RU","potentialAction":[{"@type":"ReadAction","target":["https:\/\/giriczvera.hu\/kep\/"]}]},{"@type":"ImageObject","inLanguage":"ru-RU","@id":"https:\/\/giriczvera.hu\/kep\/#primaryimage","url":"https:\/\/giriczvera.hu\/wp-content\/uploads\/2023\/04\/rot_2_lic-768x542.png","contentUrl":"https:\/\/giriczvera.hu\/wp-content\/uploads\/2023\/04\/rot_2_lic-768x542.png"},{"@type":"BreadcrumbList","@id":"https:\/\/giriczvera.hu\/kep\/#breadcrumb","itemListElement":[{"@type":"ListItem","position":1,"name":"Kezd\u0151lap","item":"https:\/\/giriczvera.hu\/"},{"@type":"ListItem","position":2,"name":"Ger\u00e9nyi rotunda"}]},{"@type":"WebSite","@id":"https:\/\/giriczvera.hu\/#website","url":"https:\/\/giriczvera.hu\/","name":"\u0412\u0406\u0420\u0410 \u0490\u0406\u0420\u0406\u0426","description":"\u043f\u043e\u0441\u043b\u0430\u043d\u0438\u043a \u0420\u0443\u0441\u0438\u043d\u0443\u0432 \u0443 \u041f\u0430\u0440\u043b\u0430\u043c\u0435\u043d\u0442\u0457","potentialAction":[{"@type":"SearchAction","target":{"@type":"EntryPoint","urlTemplate":"https:\/\/giriczvera.hu\/?s={search_term_string}"},"query-input":{"@type":"PropertyValueSpecification","valueRequired":true,"valueName":"search_term_string"}}],"inLanguage":"ru-RU"}]}},"_links":{"self":[{"href":"https:\/\/giriczvera.hu\/ru\/wp-json\/wp\/v2\/pages\/1798","targetHints":{"allow":["GET"]}}],"collection":[{"href":"https:\/\/giriczvera.hu\/ru\/wp-json\/wp\/v2\/pages"}],"about":[{"href":"https:\/\/giriczvera.hu\/ru\/wp-json\/wp\/v2\/types\/page"}],"author":[{"embeddable":true,"href":"https:\/\/giriczvera.hu\/ru\/wp-json\/wp\/v2\/users\/1"}],"replies":[{"embeddable":true,"href":"https:\/\/giriczvera.hu\/ru\/wp-json\/wp\/v2\/comments?post=1798"}],"version-history":[{"count":0,"href":"https:\/\/giriczvera.hu\/ru\/wp-json\/wp\/v2\/pages\/1798\/revisions"}],"wp:attachment":[{"href":"https:\/\/giriczvera.hu\/ru\/wp-json\/wp\/v2\/media?parent=1798"}],"curies":[{"name":"wp","href":"https:\/\/api.w.org\/{rel}","templated":true}]}}