{"version":"1.0","provider_name":"\u0412\u0406\u0420\u0410 \u0490\u0406\u0420\u0406\u0426","provider_url":"https:\/\/giriczvera.hu\/ru","title":"A Magyarorsz\u00e1gi Nemzetis\u00e9gek Bizotts\u00e1ga 2023.06.05. - GIRICZ VERA","type":"rich","width":600,"height":338,"html":"<blockquote class=\"wp-embedded-content\" data-secret=\"uINIAWY8Rt\"><a href=\"https:\/\/giriczvera.hu\/ru\/a-magyarorszagi-nemzetisegek-bizottsaga-2023-06-05-ulese\/\">A Magyarorsz\u00e1gi Nemzetis\u00e9gek Bizotts\u00e1ga 2023.06.05.<\/a><\/blockquote><iframe sandbox=\"allow-scripts\" security=\"restricted\" src=\"https:\/\/giriczvera.hu\/ru\/a-magyarorszagi-nemzetisegek-bizottsaga-2023-06-05-ulese\/embed\/#?secret=uINIAWY8Rt\" width=\"600\" height=\"338\" title=\"\u00abA Magyarorsz\u00e1gi Nemzetis\u00e9gek Bizotts\u00e1ga 2023.06.05.\u00bb &#8212; GIRICZ VERA\" data-secret=\"uINIAWY8Rt\" frameborder=\"0\" marginwidth=\"0\" marginheight=\"0\" scrolling=\"no\" class=\"wp-embedded-content\"><\/iframe><script>\n\/*! This file is auto-generated *\/\n!function(d,l){\"use strict\";l.querySelector&&d.addEventListener&&\"undefined\"!=typeof URL&&(d.wp=d.wp||{},d.wp.receiveEmbedMessage||(d.wp.receiveEmbedMessage=function(e){var t=e.data;if((t||t.secret||t.message||t.value)&&!\/[^a-zA-Z0-9]\/.test(t.secret)){for(var s,r,n,a=l.querySelectorAll('iframe[data-secret=\"'+t.secret+'\"]'),o=l.querySelectorAll('blockquote[data-secret=\"'+t.secret+'\"]'),c=new RegExp(\"^https?:$\",\"i\"),i=0;i<o.length;i++)o[i].style.display=\"none\";for(i=0;i<a.length;i++)s=a[i],e.source===s.contentWindow&&(s.removeAttribute(\"style\"),\"height\"===t.message?(1e3<(r=parseInt(t.value,10))?r=1e3:~~r<200&&(r=200),s.height=r):\"link\"===t.message&&(r=new URL(s.getAttribute(\"src\")),n=new URL(t.value),c.test(n.protocol))&&n.host===r.host&&l.activeElement===s&&(d.top.location.href=t.value))}},d.addEventListener(\"message\",d.wp.receiveEmbedMessage,!1),l.addEventListener(\"DOMContentLoaded\",function(){for(var e,t,s=l.querySelectorAll(\"iframe.wp-embedded-content\"),r=0;r<s.length;r++)(t=(e=s[r]).getAttribute(\"data-secret\"))||(t=Math.random().toString(36).substring(2,12),e.src+=\"#?secret=\"+t,e.setAttribute(\"data-secret\",t)),e.contentWindow.postMessage({message:\"ready\",secret:t},\"*\")},!1)))}(window,document);\n<\/script>","description":"Napirend: 1. A nemzetis\u00e9gek jogair\u00f3l sz\u00f3l\u00f3 2011. \u00e9vi CLXXIX. t\u00f6rv\u00e9ny, valamint a v\u00e1laszt\u00e1si elj\u00e1r\u00e1sr\u00f3l sz\u00f3l\u00f3 2013. \u00e9vi XXXVI. t\u00f6rv\u00e9ny m\u00f3dos\u00edt\u00e1s\u00e1r\u00f3l sz\u00f3l\u00f3 t\u00f6rv\u00e9nyjavaslat (T\/&#8230;.sz\u00e1m) (D\u00f6nt\u00e9s bizotts\u00e1gi \u00f6n\u00e1ll\u00f3 ind\u00edtv\u00e1ny beny\u00fajt\u00e1s\u00e1r\u00f3l)Hozz\u00e1sz\u00f3l\u00f3:Dr. F\u00fcrjes Zolt\u00e1n helyettes \u00e1llamtitk\u00e1r (Minisztereln\u00f6ks\u00e9g, Egyh\u00e1zi \u00e9s Nemzetis\u00e9gi Kapcsolatok\u00e9rt Felel\u0151s Helyettes \u00c1llamtitk\u00e1rs\u00e1g)Megjelentek:Dr. Pataki Zolt\u00e1n korm\u00e1nytisztvisel\u0151 (Minisztereln\u00f6ks\u00e9g)Dr. Balogh Marianna Brigitta oszt\u00e1lyvezet\u0151 (Minisztereln\u00f6ks\u00e9g)Dr. Eberg\u00e9nyi Krisztina korm\u00e1nytisztvisel\u0151 (Minisztereln\u00f6ks\u00e9g)Dr. Kiss Bal\u00e1zs [&hellip;]"}